{"id":21,"date":"2024-03-05T13:09:00","date_gmt":"2024-03-05T13:09:00","guid":{"rendered":"http:\/\/programavitamina.gatxan.net\/wordpress\/?page_id=21"},"modified":"2025-11-14T09:01:18","modified_gmt":"2025-11-14T09:01:18","slug":"home-page","status":"publish","type":"page","link":"https:\/\/programavitamina.org\/","title":{"rendered":"Inici"},"content":{"rendered":"\t\t<div data-elementor-type=\"wp-post\" data-elementor-id=\"21\" class=\"elementor elementor-21\" data-elementor-post-type=\"page\">\n\t\t\t\t<div class=\"elementor-element elementor-element-25f9818 e-con-full e-flex e-con e-parent\" data-id=\"25f9818\" data-element_type=\"container\">\n\t\t<div class=\"elementor-element elementor-element-7678c42 e-flex e-con-boxed e-con e-child\" data-id=\"7678c42\" data-element_type=\"container\" data-settings=\"{&quot;background_background&quot;:&quot;classic&quot;}\">\n\t\t\t\t\t<div class=\"e-con-inner\">\n\t\t<div class=\"elementor-element elementor-element-5617f50 e-con-full e-flex e-con e-child\" data-id=\"5617f50\" data-element_type=\"container\">\n\t\t\t\t<div class=\"elementor-element elementor-element-6886765 elementor-widget__width-initial elementor-widget-tablet__width-initial elementor-widget elementor-widget-heading\" data-id=\"6886765\" data-element_type=\"widget\" data-widget_type=\"heading.default\">\n\t\t\t\t<div class=\"elementor-widget-container\">\n\t\t\t\t\t<h1 class=\"elementor-heading-title elementor-size-default\">Programa\nVitamina<\/h1>\t\t\t\t<\/div>\n\t\t\t\t<\/div>\n\t\t\t\t<div class=\"elementor-element elementor-element-2daf37b elementor-widget__width-initial elementor-widget elementor-widget-heading\" data-id=\"2daf37b\" data-element_type=\"widget\" data-widget_type=\"heading.default\">\n\t\t\t\t<div class=\"elementor-widget-container\">\n\t\t\t\t\t<p class=\"elementor-heading-title elementor-size-default\">El <b>PROGRAMA VITAMINA<\/b>  - impulsat per <b>NOVACT <\/b>- \u00e9s un programa d'entrenament per a adolescents i joves l\u00edders de futur. <br><br>Promou el <b>Lideratge \u00c8tic i la transformaci\u00f3 social<\/b> per la construcci\u00f3 de societats m\u00e9s cohesionades, diverses, justes i respectuses amb els drets humans.<\/p>\t\t\t\t<\/div>\n\t\t\t\t<\/div>\n\t\t\t\t<\/div>\n\t\t\t\t\t<\/div>\n\t\t\t\t<\/div>\n\t\t\t\t<\/div>\n\t\t<a class=\"elementor-element elementor-element-36fcb3a e-con-full e-flex e-con e-parent\" data-id=\"36fcb3a\" data-element_type=\"container\" data-settings=\"{&quot;background_background&quot;:&quot;classic&quot;}\" href=\"http:\/\/programavitamina.org\/?page_id=51\">\n\t\t<div class=\"elementor-element elementor-element-33a89d9 e-con-full e-flex e-con e-child\" data-id=\"33a89d9\" data-element_type=\"container\">\n\t\t\t\t<div class=\"elementor-element elementor-element-489db8a elementor-widget elementor-widget-heading\" data-id=\"489db8a\" data-element_type=\"widget\" data-widget_type=\"heading.default\">\n\t\t\t\t<div class=\"elementor-widget-container\">\n\t\t\t\t\t<h1 class=\"elementor-heading-title elementor-size-default\">NOVACT<\/h1>\t\t\t\t<\/div>\n\t\t\t\t<\/div>\n\t\t\t\t<div class=\"elementor-element elementor-element-60e4b65 elementor-widget elementor-widget-text-editor\" data-id=\"60e4b65\" data-element_type=\"widget\" data-widget_type=\"text-editor.default\">\n\t\t\t\t<div class=\"elementor-widget-container\">\n\t\t\t\t\t\t\t\t\t<p>\u00a0<\/p><p>L\u2019<strong>Institut Novact de Noviol\u00e8ncia<\/strong> \u00e9s una associaci\u00f3 sense \u00e0nim de lucre dedicada a la transformaci\u00f3 de conflictes i la construcci\u00f3 de pau.<\/p><p><span class=\"TextRun SCXW208484056 BCX0\" lang=\"CA-ES\" xml:lang=\"CA-ES\" data-contrast=\"auto\"><span class=\"NormalTextRun SCXW208484056 BCX0\">En el marc de la transformaci\u00f3 i la prevenci\u00f3 de conflictes violents, treballem per a refor\u00e7ar i acompanyar el rol de la societat civil <span class=\"TextRun SCXW132102237 BCX0\" lang=\"CA-ES\" xml:lang=\"CA-ES\" data-contrast=\"auto\"><span class=\"NormalTextRun SCXW132102237 BCX0\">com a actor central en la prevenci\u00f3 de conflictes, amb l\u2019objectiu de reduir les viol\u00e8ncies i construir pau positiva.<\/span><\/span><\/span><\/span><\/p><p><strong><span style=\"text-decoration: underline;\"><span class=\"TextRun SCXW208484056 BCX0\" lang=\"CA-ES\" xml:lang=\"CA-ES\" data-contrast=\"none\"><span class=\"NormalTextRun SCXW208484056 BCX0\">Posem al centre l\u2019apoderament dels i les joves per tal de que esdevinguin un agent clau per a la cohesi\u00f3 social i la construcci\u00f3 de pau.<\/span><\/span><\/span><span class=\"EOP SCXW208484056 BCX0\" data-ccp-props=\"{&quot;335551550&quot;:6,&quot;335551620&quot;:6}\">\u00a0<\/span><\/strong><\/p><p><strong><span class=\"EOP SCXW208484056 BCX0\" data-ccp-props=\"{&quot;335551550&quot;:6,&quot;335551620&quot;:6}\">\u00a0<\/span><\/strong><\/p>\t\t\t\t\t\t\t\t<\/div>\n\t\t\t\t<\/div>\n\t\t\t\t<\/div>\n\t\t<div class=\"elementor-element elementor-element-8f37c41 e-con-full e-flex e-con e-child\" data-id=\"8f37c41\" data-element_type=\"container\">\n\t\t\t\t<div class=\"elementor-element elementor-element-77c3466 elementor-widget elementor-widget-image\" data-id=\"77c3466\" data-element_type=\"widget\" data-widget_type=\"image.default\">\n\t\t\t\t<div class=\"elementor-widget-container\">\n\t\t\t\t\t\t\t\t\t\t\t\t\t\t\t<img fetchpriority=\"high\" decoding=\"async\" width=\"1024\" height=\"683\" src=\"https:\/\/programavitamina.org\/wp-content\/uploads\/2024\/03\/quisom-scaled-1-1024x683.jpg\" class=\"attachment-large size-large wp-image-23\" alt=\"\" srcset=\"https:\/\/programavitamina.org\/wp-content\/uploads\/2024\/03\/quisom-scaled-1-1024x683.jpg 1024w, https:\/\/programavitamina.org\/wp-content\/uploads\/2024\/03\/quisom-scaled-1-300x200.jpg 300w, https:\/\/programavitamina.org\/wp-content\/uploads\/2024\/03\/quisom-scaled-1-768x512.jpg 768w, https:\/\/programavitamina.org\/wp-content\/uploads\/2024\/03\/quisom-scaled-1-1536x1024.jpg 1536w, https:\/\/programavitamina.org\/wp-content\/uploads\/2024\/03\/quisom-scaled-1-2048x1366.jpg 2048w\" sizes=\"(max-width: 1024px) 100vw, 1024px\" \/>\t\t\t\t\t\t\t\t\t\t\t\t\t\t\t<\/div>\n\t\t\t\t<\/div>\n\t\t\t\t<\/div>\n\t\t\t\t<\/a>\n\t\t<div class=\"elementor-element elementor-element-caf630b e-con-full e-flex e-con e-parent\" data-id=\"caf630b\" data-element_type=\"container\" data-settings=\"{&quot;background_background&quot;:&quot;classic&quot;}\">\n\t\t<div class=\"elementor-element elementor-element-eea5de2 e-con-full e-flex e-con e-child\" data-id=\"eea5de2\" data-element_type=\"container\">\n\t\t\t\t<\/div>\n\t\t<div class=\"elementor-element elementor-element-027cbf1 e-con-full e-flex e-con e-child\" data-id=\"027cbf1\" data-element_type=\"container\">\n\t\t<div class=\"elementor-element elementor-element-fe7706e e-flex e-con-boxed e-con e-child\" data-id=\"fe7706e\" data-element_type=\"container\">\n\t\t\t\t\t<div class=\"e-con-inner\">\n\t\t\t\t<div class=\"elementor-element elementor-element-c324670 elementor-widget elementor-widget-heading\" data-id=\"c324670\" data-element_type=\"widget\" data-widget_type=\"heading.default\">\n\t\t\t\t<div class=\"elementor-widget-container\">\n\t\t\t\t\t<h1 class=\"elementor-heading-title elementor-size-default\">PROGRAMA VITAMINA<\/h1>\t\t\t\t<\/div>\n\t\t\t\t<\/div>\n\t\t\t\t<div class=\"elementor-element elementor-element-a49664c elementor-widget elementor-widget-text-editor\" data-id=\"a49664c\" data-element_type=\"widget\" data-widget_type=\"text-editor.default\">\n\t\t\t\t<div class=\"elementor-widget-container\">\n\t\t\t\t\t\t\t\t\t<p><span data-contrast=\"auto\">El PROGRAMA VITAMINA<\/span><b><span data-contrast=\"auto\">\u00a0\u00e9s una acci\u00f3 de transformaci\u00f3 personal i comunit\u00e0ria impulsada per\u00a0<\/span><\/b><span data-contrast=\"auto\">NOVACT. El programa desenvolupa les habilitats de Lideratge \u00c8tic dels joves i el seu potencial com a referents positius i agents actius de canvi social.\u00a0<\/span><\/p><p><span data-contrast=\"auto\">Es tracta d\u2019un programa formatiu grupal de 4 anys de duraci\u00f3.\u00a0 Al llarg del PROGRAMA VITAMINA els i les joves descobreixen el seu <b>Lideratge Personal<\/b> -creences, h\u00e0bits i intel\u00b7lig\u00e8ncia emocional-, entrenen el seu <b>Lideratge a les Relacions<\/b> -com es gestiona el conflicte, els vincles i la diversitat-, desenvolupen un <b>Projecte de Transformaci\u00f3 Social<\/b> al seu barri i disposen de l&#8217;espai per a una <b>Orientaci\u00f3 Vital<\/b> efica\u00e7 i saludable, lideren el seu futur.\u00a0<\/span><\/p>\t\t\t\t\t\t\t\t<\/div>\n\t\t\t\t<\/div>\n\t\t\t\t\t<\/div>\n\t\t\t\t<\/div>\n\t\t\t\t<\/div>\n\t\t\t\t<\/div>\n\t\t<div class=\"elementor-element elementor-element-96bae53 e-con-full e-flex e-con e-parent\" data-id=\"96bae53\" data-element_type=\"container\" data-settings=\"{&quot;background_background&quot;:&quot;classic&quot;}\">\n\t\t\t\t<div class=\"elementor-element elementor-element-4ba5514 elementor-widget elementor-widget-heading\" data-id=\"4ba5514\" data-element_type=\"widget\" data-widget_type=\"heading.default\">\n\t\t\t\t<div class=\"elementor-widget-container\">\n\t\t\t\t\t<h1 class=\"elementor-heading-title elementor-size-default\"><a href=\"http:\/\/programavitamina.org\/?page_id=147\">Actualitat<\/a><\/h1>\t\t\t\t<\/div>\n\t\t\t\t<\/div>\n\t\t\t\t<div class=\"elementor-element elementor-element-591baa3 elementor-posts--align-left elementor-grid-3 elementor-grid-tablet-2 elementor-grid-mobile-1 elementor-posts--thumbnail-top elementor-posts--show-avatar elementor-card-shadow-yes elementor-posts__hover-gradient elementor-widget elementor-widget-posts\" data-id=\"591baa3\" data-element_type=\"widget\" data-settings=\"{&quot;cards_columns&quot;:&quot;3&quot;,&quot;cards_columns_tablet&quot;:&quot;2&quot;,&quot;cards_columns_mobile&quot;:&quot;1&quot;,&quot;cards_row_gap&quot;:{&quot;unit&quot;:&quot;px&quot;,&quot;size&quot;:35,&quot;sizes&quot;:[]},&quot;cards_row_gap_tablet&quot;:{&quot;unit&quot;:&quot;px&quot;,&quot;size&quot;:&quot;&quot;,&quot;sizes&quot;:[]},&quot;cards_row_gap_mobile&quot;:{&quot;unit&quot;:&quot;px&quot;,&quot;size&quot;:&quot;&quot;,&quot;sizes&quot;:[]}}\" data-widget_type=\"posts.cards\">\n\t\t\t\t<div class=\"elementor-widget-container\">\n\t\t\t\t\t\t\t<div class=\"elementor-posts-container elementor-posts elementor-posts--skin-cards elementor-grid\">\n\t\t\t\t<article class=\"elementor-post elementor-grid-item post-1582 post type-post status-publish format-standard has-post-thumbnail hentry category-noticies category-programa-vitamina\">\n\t\t\t<div class=\"elementor-post__card\">\n\t\t\t\t<a class=\"elementor-post__thumbnail__link\" href=\"https:\/\/programavitamina.org\/?p=1582\" tabindex=\"-1\" ><div class=\"elementor-post__thumbnail\"><img decoding=\"async\" width=\"300\" height=\"194\" src=\"https:\/\/programavitamina.org\/wp-content\/uploads\/2026\/01\/noticia-vitamina-tgn-300x194.jpg\" class=\"attachment-medium size-medium wp-image-1584\" alt=\"\" srcset=\"https:\/\/programavitamina.org\/wp-content\/uploads\/2026\/01\/noticia-vitamina-tgn-300x194.jpg 300w, https:\/\/programavitamina.org\/wp-content\/uploads\/2026\/01\/noticia-vitamina-tgn-1024x662.jpg 1024w, https:\/\/programavitamina.org\/wp-content\/uploads\/2026\/01\/noticia-vitamina-tgn-768x496.jpg 768w, https:\/\/programavitamina.org\/wp-content\/uploads\/2026\/01\/noticia-vitamina-tgn-1536x993.jpg 1536w, https:\/\/programavitamina.org\/wp-content\/uploads\/2026\/01\/noticia-vitamina-tgn-2048x1324.jpg 2048w\" sizes=\"(max-width: 300px) 100vw, 300px\" \/><\/div><\/a>\n\t\t\t\t<div class=\"elementor-post__badge\">NOT\u00cdCIES<\/div>\n\t\t\t\t<div class=\"elementor-post__avatar\">\n\t\t\t<img alt='Julia - comunicacio' src='https:\/\/secure.gravatar.com\/avatar\/9854affba2db85a61bd3baa6a9ac37d81c3094f8d70bbb879776877c0e2d2299?s=128&#038;d=mm&#038;r=g' srcset='https:\/\/secure.gravatar.com\/avatar\/9854affba2db85a61bd3baa6a9ac37d81c3094f8d70bbb879776877c0e2d2299?s=256&#038;d=mm&#038;r=g 2x' class='avatar avatar-128 photo' height='128' width='128' \/>\t\t<\/div>\n\t\t\t\t<div class=\"elementor-post__text\">\n\t\t\t\t<h3 class=\"elementor-post__title\">\n\t\t\t<a href=\"https:\/\/programavitamina.org\/?p=1582\" >\n\t\t\t\tVitamina inicia el curs 2025 a Tarragona amb una empenta notable, combinant continu\u00eftat i expansi\u00f3.\t\t\t<\/a>\n\t\t<\/h3>\n\t\t\t\t<div class=\"elementor-post__excerpt\">\n\t\t\t<p>El territori consolida grups ja madurs i obre nous espais i l\u00ednies de treball, generant una xarxa viva d\u2019aprenentatge, participaci\u00f3 i construcci\u00f3 col\u00b7lectiva. Continu\u00eftat als espais d&#8217;origen: Camp<\/p>\n\t\t<\/div>\n\t\t\n\t\t<a class=\"elementor-post__read-more\" href=\"https:\/\/programavitamina.org\/?p=1582\" aria-label=\"Read more about Vitamina inicia el curs 2025 a Tarragona amb una empenta notable, combinant continu\u00eftat i expansi\u00f3.\" tabindex=\"-1\" >\n\t\t\tRead More \u00bb\t\t<\/a>\n\n\t\t\t\t<\/div>\n\t\t\t\t<div class=\"elementor-post__meta-data\">\n\t\t\t\t\t<span class=\"elementor-post-date\">\n\t\t\tOctober 12, 2025\t\t<\/span>\n\t\t\t\t<\/div>\n\t\t\t\t\t<\/div>\n\t\t<\/article>\n\t\t\t\t<article class=\"elementor-post elementor-grid-item post-1554 post type-post status-publish format-standard has-post-thumbnail hentry category-programa-vitamina category-uncategorized\">\n\t\t\t<div class=\"elementor-post__card\">\n\t\t\t\t<a class=\"elementor-post__thumbnail__link\" href=\"https:\/\/programavitamina.org\/?p=1554\" tabindex=\"-1\" ><div class=\"elementor-post__thumbnail\"><img decoding=\"async\" width=\"300\" height=\"256\" src=\"https:\/\/programavitamina.org\/wp-content\/uploads\/2025\/10\/4f3190f6-9b25-4c04-9248-82a91f6083b1-e1769680026513-300x256.jpg\" class=\"attachment-medium size-medium wp-image-1572\" alt=\"\" srcset=\"https:\/\/programavitamina.org\/wp-content\/uploads\/2025\/10\/4f3190f6-9b25-4c04-9248-82a91f6083b1-e1769680026513-300x256.jpg 300w, https:\/\/programavitamina.org\/wp-content\/uploads\/2025\/10\/4f3190f6-9b25-4c04-9248-82a91f6083b1-e1769680026513-1024x874.jpg 1024w, https:\/\/programavitamina.org\/wp-content\/uploads\/2025\/10\/4f3190f6-9b25-4c04-9248-82a91f6083b1-e1769680026513-768x656.jpg 768w, https:\/\/programavitamina.org\/wp-content\/uploads\/2025\/10\/4f3190f6-9b25-4c04-9248-82a91f6083b1-e1769680026513.jpg 1195w\" sizes=\"(max-width: 300px) 100vw, 300px\" \/><\/div><\/a>\n\t\t\t\t<div class=\"elementor-post__badge\">PROGRAMA VITAMINA<\/div>\n\t\t\t\t<div class=\"elementor-post__avatar\">\n\t\t\t<img alt='Julia - comunicacio' src='https:\/\/secure.gravatar.com\/avatar\/9854affba2db85a61bd3baa6a9ac37d81c3094f8d70bbb879776877c0e2d2299?s=128&#038;d=mm&#038;r=g' srcset='https:\/\/secure.gravatar.com\/avatar\/9854affba2db85a61bd3baa6a9ac37d81c3094f8d70bbb879776877c0e2d2299?s=256&#038;d=mm&#038;r=g 2x' class='avatar avatar-128 photo' height='128' width='128' \/>\t\t<\/div>\n\t\t\t\t<div class=\"elementor-post__text\">\n\t\t\t\t<h3 class=\"elementor-post__title\">\n\t\t\t<a href=\"https:\/\/programavitamina.org\/?p=1554\" >\n\t\t\t\tVitamina obre\u00a0nous\u00a0grups\u00a0del\u00a0dispositiu\u00a0de Barcelona i Matar\u00f3:\u00a0espais\u00a0per\u00a0cr\u00e9ixer,\u00a0expressar-se i construir\u00a0identitat\u00a0\t\t\t<\/a>\n\t\t<\/h3>\n\t\t\t\t<div class=\"elementor-post__excerpt\">\n\t\t\t<p>Aquest 2025, Vitamina amplia el seu dispositiu amb l\u2019obertura de nous grups a Barcelona i Matar\u00f3, consolidant espais educatius i vivencials on els i les joves poden participar<\/p>\n\t\t<\/div>\n\t\t\n\t\t<a class=\"elementor-post__read-more\" href=\"https:\/\/programavitamina.org\/?p=1554\" aria-label=\"Read more about Vitamina obre\u00a0nous\u00a0grups\u00a0del\u00a0dispositiu\u00a0de Barcelona i Matar\u00f3:\u00a0espais\u00a0per\u00a0cr\u00e9ixer,\u00a0expressar-se i construir\u00a0identitat\u00a0\" tabindex=\"-1\" >\n\t\t\tRead More \u00bb\t\t<\/a>\n\n\t\t\t\t<\/div>\n\t\t\t\t<div class=\"elementor-post__meta-data\">\n\t\t\t\t\t<span class=\"elementor-post-date\">\n\t\t\tOctober 10, 2025\t\t<\/span>\n\t\t\t\t<\/div>\n\t\t\t\t\t<\/div>\n\t\t<\/article>\n\t\t\t\t<article class=\"elementor-post elementor-grid-item post-1309 post type-post status-publish format-standard has-post-thumbnail hentry category-comunitat category-grups-vitamina category-noticies category-tarragona\">\n\t\t\t<div class=\"elementor-post__card\">\n\t\t\t\t<a class=\"elementor-post__thumbnail__link\" href=\"https:\/\/programavitamina.org\/?p=1309\" tabindex=\"-1\" ><div class=\"elementor-post__thumbnail\"><img loading=\"lazy\" decoding=\"async\" width=\"300\" height=\"225\" src=\"https:\/\/programavitamina.org\/wp-content\/uploads\/2025\/08\/WhatsApp-Image-2025-07-03-at-09.47.47-1-300x225.jpeg\" class=\"attachment-medium size-medium wp-image-1324\" alt=\"\" srcset=\"https:\/\/programavitamina.org\/wp-content\/uploads\/2025\/08\/WhatsApp-Image-2025-07-03-at-09.47.47-1-300x225.jpeg 300w, https:\/\/programavitamina.org\/wp-content\/uploads\/2025\/08\/WhatsApp-Image-2025-07-03-at-09.47.47-1-1024x768.jpeg 1024w, https:\/\/programavitamina.org\/wp-content\/uploads\/2025\/08\/WhatsApp-Image-2025-07-03-at-09.47.47-1-768x576.jpeg 768w, https:\/\/programavitamina.org\/wp-content\/uploads\/2025\/08\/WhatsApp-Image-2025-07-03-at-09.47.47-1-1536x1152.jpeg 1536w, https:\/\/programavitamina.org\/wp-content\/uploads\/2025\/08\/WhatsApp-Image-2025-07-03-at-09.47.47-1.jpeg 1600w\" sizes=\"(max-width: 300px) 100vw, 300px\" \/><\/div><\/a>\n\t\t\t\t<div class=\"elementor-post__badge\">COMUNITAT<\/div>\n\t\t\t\t<div class=\"elementor-post__avatar\">\n\t\t\t<img alt='Julia - comunicacio' src='https:\/\/secure.gravatar.com\/avatar\/9854affba2db85a61bd3baa6a9ac37d81c3094f8d70bbb879776877c0e2d2299?s=128&#038;d=mm&#038;r=g' srcset='https:\/\/secure.gravatar.com\/avatar\/9854affba2db85a61bd3baa6a9ac37d81c3094f8d70bbb879776877c0e2d2299?s=256&#038;d=mm&#038;r=g 2x' class='avatar avatar-128 photo' height='128' width='128' \/>\t\t<\/div>\n\t\t\t\t<div class=\"elementor-post__text\">\n\t\t\t\t<h3 class=\"elementor-post__title\">\n\t\t\t<a href=\"https:\/\/programavitamina.org\/?p=1309\" >\n\t\t\t\tUna jornada que deixa empremta: la sortida final del Vitamina Tarragona\u00a0\t\t\t<\/a>\n\t\t<\/h3>\n\t\t\t\t<div class=\"elementor-post__excerpt\">\n\t\t\t<p>El dissabte 28 de juny, 20 joves dels quatre grups del Programa Vitamina a Tarragona \u2014dos de Campclar, un de Torreforta i un de Bonavista\u2014 van viure la<\/p>\n\t\t<\/div>\n\t\t\n\t\t<a class=\"elementor-post__read-more\" href=\"https:\/\/programavitamina.org\/?p=1309\" aria-label=\"Read more about Una jornada que deixa empremta: la sortida final del Vitamina Tarragona\u00a0\" tabindex=\"-1\" >\n\t\t\tRead More \u00bb\t\t<\/a>\n\n\t\t\t\t<\/div>\n\t\t\t\t<div class=\"elementor-post__meta-data\">\n\t\t\t\t\t<span class=\"elementor-post-date\">\n\t\t\tAugust 8, 2025\t\t<\/span>\n\t\t\t\t<\/div>\n\t\t\t\t\t<\/div>\n\t\t<\/article>\n\t\t\t\t<article class=\"elementor-post elementor-grid-item post-1247 post type-post status-publish format-standard has-post-thumbnail hentry category-comunitat category-grups-vitamina category-programa-vitamina\">\n\t\t\t<div class=\"elementor-post__card\">\n\t\t\t\t<a class=\"elementor-post__thumbnail__link\" href=\"https:\/\/programavitamina.org\/?p=1247\" tabindex=\"-1\" ><div class=\"elementor-post__thumbnail\"><img loading=\"lazy\" decoding=\"async\" width=\"300\" height=\"219\" src=\"https:\/\/programavitamina.org\/wp-content\/uploads\/2025\/08\/3e875ad7-8e7f-469b-9888-bc537583aa46-300x219.jpg\" class=\"attachment-medium size-medium wp-image-1292\" alt=\"\" srcset=\"https:\/\/programavitamina.org\/wp-content\/uploads\/2025\/08\/3e875ad7-8e7f-469b-9888-bc537583aa46-300x219.jpg 300w, https:\/\/programavitamina.org\/wp-content\/uploads\/2025\/08\/3e875ad7-8e7f-469b-9888-bc537583aa46-1024x747.jpg 1024w, https:\/\/programavitamina.org\/wp-content\/uploads\/2025\/08\/3e875ad7-8e7f-469b-9888-bc537583aa46-768x560.jpg 768w, https:\/\/programavitamina.org\/wp-content\/uploads\/2025\/08\/3e875ad7-8e7f-469b-9888-bc537583aa46-1536x1120.jpg 1536w, https:\/\/programavitamina.org\/wp-content\/uploads\/2025\/08\/3e875ad7-8e7f-469b-9888-bc537583aa46-2048x1494.jpg 2048w\" sizes=\"(max-width: 300px) 100vw, 300px\" \/><\/div><\/a>\n\t\t\t\t<div class=\"elementor-post__badge\">COMUNITAT<\/div>\n\t\t\t\t<div class=\"elementor-post__avatar\">\n\t\t\t<img alt='Julia - comunicacio' src='https:\/\/secure.gravatar.com\/avatar\/9854affba2db85a61bd3baa6a9ac37d81c3094f8d70bbb879776877c0e2d2299?s=128&#038;d=mm&#038;r=g' srcset='https:\/\/secure.gravatar.com\/avatar\/9854affba2db85a61bd3baa6a9ac37d81c3094f8d70bbb879776877c0e2d2299?s=256&#038;d=mm&#038;r=g 2x' class='avatar avatar-128 photo' height='128' width='128' \/>\t\t<\/div>\n\t\t\t\t<div class=\"elementor-post__text\">\n\t\t\t\t<h3 class=\"elementor-post__title\">\n\t\t\t<a href=\"https:\/\/programavitamina.org\/?p=1247\" >\n\t\t\t\tAll\u00f2 que el m\u00f3n necessita: joves que construeixen comunitat &#8211; VitaCampus 2025\t\t\t<\/a>\n\t\t<\/h3>\n\t\t\t\t<div class=\"elementor-post__excerpt\">\n\t\t\t<p>Una cr\u00f2nica del VitaCampus 2025, espai de conviv\u00e8ncia i transformaci\u00f3 dins el Programa Vitamina&nbsp; Un any m\u00e9s, el VitaCampus demostra que educar en valors, fomentar el vincle comunitari<\/p>\n\t\t<\/div>\n\t\t\n\t\t<a class=\"elementor-post__read-more\" href=\"https:\/\/programavitamina.org\/?p=1247\" aria-label=\"Read more about All\u00f2 que el m\u00f3n necessita: joves que construeixen comunitat &#8211; VitaCampus 2025\" tabindex=\"-1\" >\n\t\t\tRead More \u00bb\t\t<\/a>\n\n\t\t\t\t<\/div>\n\t\t\t\t<div class=\"elementor-post__meta-data\">\n\t\t\t\t\t<span class=\"elementor-post-date\">\n\t\t\tAugust 7, 2025\t\t<\/span>\n\t\t\t\t<\/div>\n\t\t\t\t\t<\/div>\n\t\t<\/article>\n\t\t\t\t<article class=\"elementor-post elementor-grid-item post-1187 post type-post status-publish format-standard has-post-thumbnail hentry category-comunitat category-graduacio-vitamina-2025 category-grups-vitamina category-noticies category-programa-vitamina\">\n\t\t\t<div class=\"elementor-post__card\">\n\t\t\t\t<a class=\"elementor-post__thumbnail__link\" href=\"https:\/\/programavitamina.org\/?p=1187\" tabindex=\"-1\" ><div class=\"elementor-post__thumbnail\"><img loading=\"lazy\" decoding=\"async\" width=\"300\" height=\"123\" src=\"https:\/\/programavitamina.org\/wp-content\/uploads\/2025\/06\/photo_2025-06-13-10.32.23-e1751287703966-300x123.jpeg\" class=\"attachment-medium size-medium wp-image-1201\" alt=\"\" srcset=\"https:\/\/programavitamina.org\/wp-content\/uploads\/2025\/06\/photo_2025-06-13-10.32.23-e1751287703966-300x123.jpeg 300w, https:\/\/programavitamina.org\/wp-content\/uploads\/2025\/06\/photo_2025-06-13-10.32.23-e1751287703966-1024x419.jpeg 1024w, https:\/\/programavitamina.org\/wp-content\/uploads\/2025\/06\/photo_2025-06-13-10.32.23-e1751287703966-768x315.jpeg 768w, https:\/\/programavitamina.org\/wp-content\/uploads\/2025\/06\/photo_2025-06-13-10.32.23-e1751287703966.jpeg 1062w\" sizes=\"(max-width: 300px) 100vw, 300px\" \/><\/div><\/a>\n\t\t\t\t<div class=\"elementor-post__badge\">COMUNITAT<\/div>\n\t\t\t\t<div class=\"elementor-post__avatar\">\n\t\t\t<img alt='Julia - comunicacio' src='https:\/\/secure.gravatar.com\/avatar\/9854affba2db85a61bd3baa6a9ac37d81c3094f8d70bbb879776877c0e2d2299?s=128&#038;d=mm&#038;r=g' srcset='https:\/\/secure.gravatar.com\/avatar\/9854affba2db85a61bd3baa6a9ac37d81c3094f8d70bbb879776877c0e2d2299?s=256&#038;d=mm&#038;r=g 2x' class='avatar avatar-128 photo' height='128' width='128' \/>\t\t<\/div>\n\t\t\t\t<div class=\"elementor-post__text\">\n\t\t\t\t<h3 class=\"elementor-post__title\">\n\t\t\t<a href=\"https:\/\/programavitamina.org\/?p=1187\" >\n\t\t\t\tL\u2019Acte de Graduaci\u00f3 del Programa Vitamina: Matar\u00f3 sempre al cor i el poder revolucionari de Sant Adri\u00e0 del Bes\u00f2s\t\t\t<\/a>\n\t\t<\/h3>\n\t\t\t\t<div class=\"elementor-post__excerpt\">\n\t\t\t<p>Amb emocions a flor de pell i un sentiment profund de comunitat, el Programa Vitamina va celebrar el 12 de Juny la graduaci\u00f3 oficial dels seus grups de<\/p>\n\t\t<\/div>\n\t\t\n\t\t<a class=\"elementor-post__read-more\" href=\"https:\/\/programavitamina.org\/?p=1187\" aria-label=\"Read more about L\u2019Acte de Graduaci\u00f3 del Programa Vitamina: Matar\u00f3 sempre al cor i el poder revolucionari de Sant Adri\u00e0 del Bes\u00f2s\" tabindex=\"-1\" >\n\t\t\tRead More \u00bb\t\t<\/a>\n\n\t\t\t\t<\/div>\n\t\t\t\t<div class=\"elementor-post__meta-data\">\n\t\t\t\t\t<span class=\"elementor-post-date\">\n\t\t\tJune 12, 2025\t\t<\/span>\n\t\t\t\t<\/div>\n\t\t\t\t\t<\/div>\n\t\t<\/article>\n\t\t\t\t<article class=\"elementor-post elementor-grid-item post-1212 post type-post status-publish format-standard has-post-thumbnail hentry category-comunitat category-graduacio-vitamina-2025 category-grups-vitamina category-noticies category-programa-vitamina category-tarragona\">\n\t\t\t<div class=\"elementor-post__card\">\n\t\t\t\t<a class=\"elementor-post__thumbnail__link\" href=\"https:\/\/programavitamina.org\/?p=1212\" tabindex=\"-1\" ><div class=\"elementor-post__thumbnail\"><img loading=\"lazy\" decoding=\"async\" width=\"300\" height=\"225\" src=\"https:\/\/programavitamina.org\/wp-content\/uploads\/2025\/06\/5-edited-1-300x225.jpg\" class=\"attachment-medium size-medium wp-image-1223\" alt=\"\" srcset=\"https:\/\/programavitamina.org\/wp-content\/uploads\/2025\/06\/5-edited-1-300x225.jpg 300w, https:\/\/programavitamina.org\/wp-content\/uploads\/2025\/06\/5-edited-1-1024x768.jpg 1024w, https:\/\/programavitamina.org\/wp-content\/uploads\/2025\/06\/5-edited-1-768x576.jpg 768w, https:\/\/programavitamina.org\/wp-content\/uploads\/2025\/06\/5-edited-1.jpg 1080w\" sizes=\"(max-width: 300px) 100vw, 300px\" \/><\/div><\/a>\n\t\t\t\t<div class=\"elementor-post__badge\">COMUNITAT<\/div>\n\t\t\t\t<div class=\"elementor-post__avatar\">\n\t\t\t<img alt='Julia - comunicacio' src='https:\/\/secure.gravatar.com\/avatar\/9854affba2db85a61bd3baa6a9ac37d81c3094f8d70bbb879776877c0e2d2299?s=128&#038;d=mm&#038;r=g' srcset='https:\/\/secure.gravatar.com\/avatar\/9854affba2db85a61bd3baa6a9ac37d81c3094f8d70bbb879776877c0e2d2299?s=256&#038;d=mm&#038;r=g 2x' class='avatar avatar-128 photo' height='128' width='128' \/>\t\t<\/div>\n\t\t\t\t<div class=\"elementor-post__text\">\n\t\t\t\t<h3 class=\"elementor-post__title\">\n\t\t\t<a href=\"https:\/\/programavitamina.org\/?p=1212\" >\n\t\t\t\tCelebrant el Lideratge \u00c8tic a Camp Clar: Una Graduaci\u00f3 que Transforma la Comunitat\u00a0\t\t\t<\/a>\n\t\t<\/h3>\n\t\t\t\t<div class=\"elementor-post__excerpt\">\n\t\t\t<p>El passat 10 de Juny, el barri de Camp Clar va viure una jornada carregada d\u2019emocions, orgull i esperan\u00e7a. Dues promocions del Programa Vitamina \u2014 dos grups de<\/p>\n\t\t<\/div>\n\t\t\n\t\t<a class=\"elementor-post__read-more\" href=\"https:\/\/programavitamina.org\/?p=1212\" aria-label=\"Read more about Celebrant el Lideratge \u00c8tic a Camp Clar: Una Graduaci\u00f3 que Transforma la Comunitat\u00a0\" tabindex=\"-1\" >\n\t\t\tRead More \u00bb\t\t<\/a>\n\n\t\t\t\t<\/div>\n\t\t\t\t<div class=\"elementor-post__meta-data\">\n\t\t\t\t\t<span class=\"elementor-post-date\">\n\t\t\tJune 10, 2025\t\t<\/span>\n\t\t\t\t<\/div>\n\t\t\t\t\t<\/div>\n\t\t<\/article>\n\t\t\t\t<\/div>\n\t\t\n\t\t\t\t\t\t<\/div>\n\t\t\t\t<\/div>\n\t\t\t\t<\/div>\n\t\t\t\t<\/div>\n\t\t","protected":false},"excerpt":{"rendered":"<p>Programa Vitamina El PROGRAMA VITAMINA &#8211; impulsat per NOVACT &#8211; \u00e9s un programa d&#8217;entrenament per a adolescents i joves l\u00edders de futur. Promou el Lideratge \u00c8tic i la [&hellip;]<\/p>\n","protected":false},"author":4,"featured_media":0,"parent":0,"menu_order":0,"comment_status":"closed","ping_status":"closed","template":"elementor_header_footer","meta":{"footnotes":""},"class_list":["post-21","page","type-page","status-publish","hentry"],"_links":{"self":[{"href":"https:\/\/programavitamina.org\/index.php?rest_route=\/wp\/v2\/pages\/21","targetHints":{"allow":["GET"]}}],"collection":[{"href":"https:\/\/programavitamina.org\/index.php?rest_route=\/wp\/v2\/pages"}],"about":[{"href":"https:\/\/programavitamina.org\/index.php?rest_route=\/wp\/v2\/types\/page"}],"author":[{"embeddable":true,"href":"https:\/\/programavitamina.org\/index.php?rest_route=\/wp\/v2\/users\/4"}],"replies":[{"embeddable":true,"href":"https:\/\/programavitamina.org\/index.php?rest_route=%2Fwp%2Fv2%2Fcomments&post=21"}],"version-history":[{"count":70,"href":"https:\/\/programavitamina.org\/index.php?rest_route=\/wp\/v2\/pages\/21\/revisions"}],"predecessor-version":[{"id":1510,"href":"https:\/\/programavitamina.org\/index.php?rest_route=\/wp\/v2\/pages\/21\/revisions\/1510"}],"wp:attachment":[{"href":"https:\/\/programavitamina.org\/index.php?rest_route=%2Fwp%2Fv2%2Fmedia&parent=21"}],"curies":[{"name":"wp","href":"https:\/\/api.w.org\/{rel}","templated":true}]}}